{"id":474,"date":"2025-12-07T12:40:13","date_gmt":"2025-12-07T10:40:13","guid":{"rendered":"https:\/\/batiderm.fr\/?page_id=474"},"modified":"2025-12-29T17:00:06","modified_gmt":"2025-12-29T15:00:06","slug":"audits-energetiques-maisons-individuelles-en-bref","status":"publish","type":"page","link":"https:\/\/batiderm.fr\/index.php\/audits-energetiques-maisons-individuelles-en-bref\/","title":{"rendered":"Audits \u00e9nerg\u00e9tiques &#8211; Maisons individuelles-en-bref"},"content":{"rendered":"\n<h1 class=\"wp-block-heading has-text-align-center has-large-font-size\">L&rsquo; Audit Energ\u00e9tique pour les maisons individuelles<\/h1>\n\n\n\n<p class=\"has-text-align-center\" style=\"padding-top:0;padding-bottom:0;font-size:clamp(0.875rem, 0.875rem + ((1vw - 0.2rem) * 0.708), 1.3rem);\">Des prestations <strong>qualitatives et\/ou quantitatives<\/strong> en fonction de votre besoin<\/p>\n\n\n\n<div class=\"wp-block-columns is-layout-flex wp-container-core-columns-is-layout-2a0d0d46 wp-block-columns-is-layout-flex\" style=\"border-style:none;border-width:0px;margin-top:0;margin-bottom:0;padding-top:0;padding-bottom:0\">\n<div class=\"wp-block-column has-background is-layout-flow wp-block-column-is-layout-flow\" style=\"background-color:#c0ffff;padding-top:var(--wp--preset--spacing--10);padding-right:var(--wp--preset--spacing--10);padding-bottom:var(--wp--preset--spacing--10);padding-left:var(--wp--preset--spacing--10);flex-basis:25%\">\n<p class=\"has-text-align-center\">Qualitative<\/p>\n\n\n\n<h2 class=\"wp-block-heading has-text-align-center\" style=\"font-size:clamp(0.929rem, 0.929rem + ((1vw - 0.2rem) * 0.785), 1.4rem);\"><a href=\"https:\/\/batiderm.fr\/index.php\/diagnostic-infra-rouge\/\" data-type=\"page\" data-id=\"161\">Diagnostic \u00ab\u00a0Infra Rouge\u00a0\u00bb<\/a><\/h2>\n\n\n\n<ul class=\"wp-block-list is-style-checkmark-list\">\n<li>Relev\u00e9s thermiques complets<\/li>\n\n\n\n<li>Analyse <strong>qualitative<\/strong><\/li>\n\n\n\n<li>Programme de travaux<\/li>\n\n\n\n<li>Restitution orale<\/li>\n<\/ul>\n\n\n\n<p style=\"text-decoration:underline\"><strong>Options :<\/strong><\/p>\n\n\n\n<ul class=\"wp-block-list is-style-checkmark-list\">\n<li>Rapport<\/li>\n\n\n\n<li>Analyse des factures d&rsquo;\u00e9nergie<\/li>\n\n\n\n<li>Commentaires d\u00e9taill\u00e9s des clich\u00e9s infra-rouge<\/li>\n<\/ul>\n\n\n\n<p class=\"has-accent-background-color has-background\">Prix : <strong>150 \u00e0 750 euros TTC <\/strong>suivant les options choisies<\/p>\n\n\n\n<p class=\"has-text-align-center has-small-font-size\"><em>Un diagnostic \u00e9nerg\u00e9tique vous permettra de mieux comprendre vos factures \u00e9nerg\u00e9tiques et d\u2019identifier les moyens \u00e0 mettre en \u0153uvre pour les r\u00e9duire. Notre diagnostic est bas\u00e9 sur diff\u00e9rents relev\u00e9s dont un relev\u00e9 de fonctionnement de la ventilation et une thermographie&nbsp;<strong>infra-rouge<\/strong>&nbsp;comment\u00e9e de votre logement.<\/em><\/p>\n\n\n\n<p class=\"has-text-align-center\">Rapport r\u00e9alis\u00e9 avec notre approche p\u00e9dagogique.<\/p>\n\n\n\n<figure class=\"wp-block-image aligncenter size-large is-resized\"><img loading=\"lazy\" decoding=\"async\" width=\"1024\" height=\"678\" src=\"https:\/\/batiderm.fr\/wp-content\/uploads\/2025\/12\/Logo_BatidermIng_compact-1024x678.jpg\" alt=\"\" class=\"wp-image-458\" style=\"aspect-ratio:1.5104208904387317;width:120px;height:auto\" srcset=\"https:\/\/batiderm.fr\/wp-content\/uploads\/2025\/12\/Logo_BatidermIng_compact-1024x678.jpg 1024w, https:\/\/batiderm.fr\/wp-content\/uploads\/2025\/12\/Logo_BatidermIng_compact-300x199.jpg 300w, https:\/\/batiderm.fr\/wp-content\/uploads\/2025\/12\/Logo_BatidermIng_compact-768x508.jpg 768w, https:\/\/batiderm.fr\/wp-content\/uploads\/2025\/12\/Logo_BatidermIng_compact.jpg 1354w\" sizes=\"auto, (max-width: 1024px) 100vw, 1024px\" \/><\/figure>\n<\/div>\n\n\n\n<div class=\"wp-block-column has-background is-layout-flow wp-block-column-is-layout-flow\" style=\"background-color:#ffffc0;padding-top:var(--wp--preset--spacing--10);padding-right:var(--wp--preset--spacing--10);padding-bottom:var(--wp--preset--spacing--10);padding-left:var(--wp--preset--spacing--10);flex-basis:40%\">\n<p class=\"has-text-align-center\">Quantitative<\/p>\n\n\n\n<h2 class=\"wp-block-heading has-text-align-center\" style=\"font-size:clamp(0.929rem, 0.929rem + ((1vw - 0.2rem) * 0.785), 1.4rem);\"><a href=\"https:\/\/batiderm.fr\/index.php\/audit-trame-reglementaire\/\" data-type=\"page\" data-id=\"164\">Audit trame r\u00e9glementaire<\/a><\/h2>\n\n\n\n<ul class=\"wp-block-list is-style-checkmark-list\">\n<li>Relev\u00e9s thermiques de base<\/li>\n\n\n\n<li>Relev\u00e9s m\u00e9triques<\/li>\n\n\n\n<li>Analyse <strong>quantitative (3CL\u00a0DPE<\/strong>)<\/li>\n\n\n\n<li>Programme de travaux<\/li>\n\n\n\n<li>Estimatif de co\u00fbt des travaux<\/li>\n\n\n\n<li>Reprise sur devis artisans<\/li>\n<\/ul>\n\n\n\n<p><strong>Options :<\/strong><\/p>\n\n\n\n<ul class=\"wp-block-list is-style-checkmark-list\">\n<li>Relev\u00e9s thermique complets<\/li>\n\n\n\n<li>Analyse des factures d&rsquo;\u00e9nergie<\/li>\n\n\n\n<li>Croquis de localisation<\/li>\n\n\n\n<li>Fiches p\u00e9dagogiques<\/li>\n<\/ul>\n\n\n\n<p class=\"has-accent-background-color has-background\">Prix : <strong>800 \u00e0 1700 euros TTC<\/strong> suivant les options choisies<\/p>\n\n\n\n<ul class=\"wp-block-list is-style-checkmark-list\">\n<li>Eligible Ma Prime Renov<\/li>\n\n\n\n<li>\u00ab\u00a0audit\u00a0\u00bb obligatoire \u00e0 la vente pour les logements class\u00e9s E, F&nbsp;ou G.<\/li>\n<\/ul>\n\n\n\n<p class=\"has-text-align-center has-small-font-size\"><em>Il s&rsquo;agit d&rsquo;une d\u00e9marche ressemblant \u00e0 un audit \u00e9nerg\u00e9tique. Il inclut la fourniture d&rsquo;un rapport suivant une trame fig\u00e9e impos\u00e9e par le gouvernement.<\/em><\/p>\n\n\n\n<p class=\"has-text-align-center\">Rapport r\u00e9alis\u00e9 sur la base de la trame r\u00e9glementaire impos\u00e9e par l&rsquo;Etat.<\/p>\n<\/div>\n\n\n\n<div class=\"wp-block-column has-background is-layout-flow wp-block-column-is-layout-flow\" style=\"background-color:#c0ffc0;padding-top:var(--wp--preset--spacing--10);padding-right:var(--wp--preset--spacing--10);padding-bottom:var(--wp--preset--spacing--10);padding-left:var(--wp--preset--spacing--10);flex-basis:35%\">\n<p class=\"has-text-align-center\">Qualitative <strong>et<\/strong> quantitative<\/p>\n\n\n\n<h2 class=\"wp-block-heading has-text-align-center\" style=\"font-size:clamp(0.984rem, 0.984rem + ((1vw - 0.2rem) * 0.86), 1.5rem);\"><a href=\"https:\/\/batiderm.fr\/index.php\/vrai-audit-eneregetique-de-qualite\/\" data-type=\"page\" data-id=\"167\">Vrai audit \u00e9nerg\u00e9tique de qualit\u00e9<\/a><\/h2>\n\n\n\n<ul class=\"wp-block-list is-style-checkmark-list\">\n<li>Relev\u00e9s thermiques complets<\/li>\n\n\n\n<li>Relev\u00e9s m\u00e9triques<\/li>\n\n\n\n<li>Analyse des factures d&rsquo;\u00e9nergie<\/li>\n\n\n\n<li>Analyse <strong>quantitative (3CL\u00a0DPE)<\/strong><\/li>\n\n\n\n<li><strong>Trame p\u00e9dagogique de rapport<\/strong><\/li>\n\n\n\n<li>Programme de travaux d\u00e9taill\u00e9<\/li>\n\n\n\n<li>Croquis de localisation<\/li>\n\n\n\n<li>Fiches p\u00e9dagogiques<\/li>\n\n\n\n<li>Estimatif de co\u00fbt des travaux<\/li>\n\n\n\n<li>Reprise sur devis artisans<\/li>\n<\/ul>\n\n\n\n<p class=\"has-accent-background-color has-background has-medium-font-size\">==&gt; Prix r\u00e9ellement \u00e0 votre charge (apr\u00e8s d\u00e9duction du ch\u00e8que-\u00e9co-\u00e9nergie AUDIT de 600 euros) = <strong>700 \u00e0 1300 euros TTC<\/strong><\/p>\n\n\n\n<ul class=\"wp-block-list is-style-checkmark-list\">\n<li>Eligible Ma Prime Renov<\/li>\n\n\n\n<li>Eligible ch\u00e8que-\u00e9co-\u00e9nergie Normandie AUDIT et TRAVAUX<\/li>\n<\/ul>\n\n\n\n<p class=\"has-text-align-center has-small-font-size\"><em>Notre audit est conforme \u00e0 la pratique professionnelle  de l&rsquo;audit ainsi qu&rsquo;au cahier des charges de la R\u00e9gion Normandie et permet \u00e9galement d&rsquo;acc\u00e9der aux aides Ma prime Renov au travers de la fourniture de la trame r\u00e9glementaire nationale.<\/em><\/p>\n\n\n\n<p style=\"text-decoration:underline\"><strong>Les exclusivit\u00e9s de cette formule :<\/strong><\/p>\n\n\n\n<ul class=\"wp-block-list is-style-checkmark-list\">\n<li>Rapport r\u00e9alis\u00e9 avec notre approche p\u00e9dagogique et qualitative,<\/li>\n\n\n\n<li>L&rsquo;\u00e9ligilibilit\u00e9 aux aides TRAVAUX r\u00e9gionales Ch\u00e8que-\u00e9co-\u00e9nergie Normandie<\/li>\n<\/ul>\n\n\n\n<div class=\"wp-block-columns is-layout-flex wp-container-core-columns-is-layout-28f84493 wp-block-columns-is-layout-flex\">\n<div class=\"wp-block-column is-layout-flow wp-block-column-is-layout-flow\" style=\"flex-basis:28%\">\n<figure class=\"wp-block-image size-large\"><img loading=\"lazy\" decoding=\"async\" width=\"1024\" height=\"678\" src=\"https:\/\/batiderm.fr\/wp-content\/uploads\/2025\/09\/Logo_BatidermIng_compact-1024x678.jpg\" alt=\"\" class=\"wp-image-319\" style=\"aspect-ratio:1.5102643627233792\" srcset=\"https:\/\/batiderm.fr\/wp-content\/uploads\/2025\/09\/Logo_BatidermIng_compact-1024x678.jpg 1024w, https:\/\/batiderm.fr\/wp-content\/uploads\/2025\/09\/Logo_BatidermIng_compact-300x199.jpg 300w, https:\/\/batiderm.fr\/wp-content\/uploads\/2025\/09\/Logo_BatidermIng_compact-768x508.jpg 768w, https:\/\/batiderm.fr\/wp-content\/uploads\/2025\/09\/Logo_BatidermIng_compact.jpg 1354w\" sizes=\"auto, (max-width: 1024px) 100vw, 1024px\" \/><\/figure>\n<\/div>\n\n\n\n<div class=\"wp-block-column is-layout-flow wp-block-column-is-layout-flow\" style=\"flex-basis:72%\">\n<figure class=\"wp-block-image size-full\"><img loading=\"lazy\" decoding=\"async\" width=\"879\" height=\"221\" src=\"https:\/\/batiderm.fr\/wp-content\/uploads\/2025\/08\/logo-cheque-eco.jpg\" alt=\"\" class=\"wp-image-19\" srcset=\"https:\/\/batiderm.fr\/wp-content\/uploads\/2025\/08\/logo-cheque-eco.jpg 879w, https:\/\/batiderm.fr\/wp-content\/uploads\/2025\/08\/logo-cheque-eco-300x75.jpg 300w, https:\/\/batiderm.fr\/wp-content\/uploads\/2025\/08\/logo-cheque-eco-768x193.jpg 768w\" sizes=\"auto, (max-width: 879px) 100vw, 879px\" \/><\/figure>\n<\/div>\n<\/div>\n\n\n\n<div class=\"wp-block-buttons is-layout-flex wp-block-buttons-is-layout-flex\">\n<div class=\"wp-block-button has-custom-width wp-block-button__width-100 is-style-outline is-style-outline--1\"><a class=\"wp-block-button__link has-base-2-color has-text-color has-background has-link-color wp-element-button\" href=\"https:\/\/cheque-eco-energie.normandie.fr\/\" style=\"background-color:#f34141\"><strong>Se connecter \u00e0 la plateforme du ch\u00e8que-\u00e9co-\u00e9nergie Normandie<\/strong><\/a><\/div>\n<\/div>\n<\/div>\n<\/div>\n\n\n\n<hr class=\"wp-block-separator aligncenter has-alpha-channel-opacity is-style-wide\" style=\"margin-top:var(--wp--preset--spacing--30)\"\/>\n\n\n\n<p class=\"has-text-align-center\" style=\"margin-top:var(--wp--preset--spacing--30)\"><strong>Diverses autres prestation et maitrise d&rsquo;oeuvre en r\u00e9novation<\/strong><\/p>\n\n\n\n<p>AUTRES&nbsp;PRESTATIONS<\/p>\n\n\n\n<ul class=\"wp-block-list is-style-checkmark-list\">\n<li>Diagnostic de ventilation et d&rsquo;<strong>\u00e9tanch\u00e9it\u00e9 \u00e0 l&rsquo;air<\/strong><\/li>\n\n\n\n<li>Relev\u00e9 des <strong>consommations \u00e9lectriques<\/strong> au compteur<\/li>\n<\/ul>\n\n\n\n<p>Un relev\u00e9 des consommations \u00e9lectriques au compteur sur une p\u00e9riode de plusieurs semaines vous permettra d&rsquo;identifier pr\u00e9cis\u00e9ment les consommations \u00e9nerg\u00e9tiques de vos principaux \u00e9quipements \u00e9lectriques.<\/p>\n\n\n\n<ul class=\"wp-block-list is-style-checkmark-list\">\n<li><strong>Maitrise d\u2019\u0153uvre en r\u00e9novation \u00e9nerg\u00e9tique<\/strong><\/li>\n<\/ul>\n\n\n\n<p>Nous r\u00e9alisons quelques missions de maitrise d\u2019\u0153uvre en r\u00e9novation \u00e9nerg\u00e9tique. Ces missions peuvent inclure :<\/p>\n\n\n\n<ul class=\"wp-block-list is-style-checkmark-list\">\n<li>la r\u00e9alisation de plans 3D et 2D sur Google Sketchup<\/li>\n\n\n\n<li>le d\u00e9p\u00f4t de d\u00e9clarations de travaux<\/li>\n\n\n\n<li>la consultation des entreprises en faisant appel \u00e0 un r\u00e9novateur BBC&nbsp;Normandie.<\/li>\n\n\n\n<li>la conception du projet<\/li>\n\n\n\n<li>la coordination des interventions<\/li>\n\n\n\n<li>le suivi de chantier&nbsp;<\/li>\n<\/ul>\n","protected":false},"excerpt":{"rendered":"<p>L&rsquo; Audit Energ\u00e9tique pour les maisons individuelles Des prestations qualitatives et\/ou quantitatives en fonction de votre besoin Qualitative Diagnostic \u00ab\u00a0Infra Rouge\u00a0\u00bb Options : Prix : 150 \u00e0 750 euros TTC suivant les options choisies Un diagnostic \u00e9nerg\u00e9tique vous permettra de mieux comprendre vos factures \u00e9nerg\u00e9tiques et d\u2019identifier les moyens \u00e0 mettre en \u0153uvre pour les [&hellip;]<\/p>\n","protected":false},"author":1,"featured_media":0,"parent":0,"menu_order":0,"comment_status":"closed","ping_status":"closed","template":"page-with-sidebar","meta":{"footnotes":""},"class_list":["post-474","page","type-page","status-publish","hentry"],"yoast_head":"<!-- This site is optimized with the Yoast SEO plugin v27.2 - https:\/\/yoast.com\/product\/yoast-seo-wordpress\/ -->\n<title>Audits \u00e9nerg\u00e9tiques - Maisons individuelles-en-bref - Batiderm<\/title>\n<meta name=\"robots\" content=\"index, follow, max-snippet:-1, max-image-preview:large, max-video-preview:-1\" \/>\n<link rel=\"canonical\" href=\"https:\/\/batiderm.fr\/index.php\/audits-energetiques-maisons-individuelles-en-bref\/\" \/>\n<meta property=\"og:locale\" content=\"fr_FR\" \/>\n<meta property=\"og:type\" content=\"article\" \/>\n<meta property=\"og:title\" content=\"Audits \u00e9nerg\u00e9tiques - Maisons individuelles-en-bref - Batiderm\" \/>\n<meta property=\"og:description\" content=\"L&rsquo; Audit Energ\u00e9tique pour les maisons individuelles Des prestations qualitatives et\/ou quantitatives en fonction de votre besoin Qualitative Diagnostic \u00ab\u00a0Infra Rouge\u00a0\u00bb Options : Prix : 150 \u00e0 750 euros TTC suivant les options choisies Un diagnostic \u00e9nerg\u00e9tique vous permettra de mieux comprendre vos factures \u00e9nerg\u00e9tiques et d\u2019identifier les moyens \u00e0 mettre en \u0153uvre pour les [&hellip;]\" \/>\n<meta property=\"og:url\" content=\"https:\/\/batiderm.fr\/index.php\/audits-energetiques-maisons-individuelles-en-bref\/\" \/>\n<meta property=\"og:site_name\" content=\"Batiderm\" \/>\n<meta property=\"article:publisher\" content=\"https:\/\/www.facebook.com\/p\/Btiderm-Ingnierie-100063553359377\/\" \/>\n<meta property=\"article:modified_time\" content=\"2025-12-29T15:00:06+00:00\" \/>\n<meta property=\"og:image\" content=\"https:\/\/batiderm.fr\/wp-content\/uploads\/2025\/12\/Logo_BatidermIng_compact.jpg\" \/>\n\t<meta property=\"og:image:width\" content=\"1354\" \/>\n\t<meta property=\"og:image:height\" content=\"896\" \/>\n\t<meta property=\"og:image:type\" content=\"image\/jpeg\" \/>\n<meta name=\"twitter:card\" content=\"summary_large_image\" \/>\n<meta name=\"twitter:label1\" content=\"Dur\u00e9e de lecture estim\u00e9e\" \/>\n\t<meta name=\"twitter:data1\" content=\"3 minutes\" \/>\n<script type=\"application\/ld+json\" class=\"yoast-schema-graph\">{\"@context\":\"https:\/\/schema.org\",\"@graph\":[{\"@type\":\"WebPage\",\"@id\":\"https:\/\/batiderm.fr\/index.php\/audits-energetiques-maisons-individuelles-en-bref\/\",\"url\":\"https:\/\/batiderm.fr\/index.php\/audits-energetiques-maisons-individuelles-en-bref\/\",\"name\":\"Audits \u00e9nerg\u00e9tiques - Maisons individuelles-en-bref - Batiderm\",\"isPartOf\":{\"@id\":\"https:\/\/batiderm.fr\/#website\"},\"primaryImageOfPage\":{\"@id\":\"https:\/\/batiderm.fr\/index.php\/audits-energetiques-maisons-individuelles-en-bref\/#primaryimage\"},\"image\":{\"@id\":\"https:\/\/batiderm.fr\/index.php\/audits-energetiques-maisons-individuelles-en-bref\/#primaryimage\"},\"thumbnailUrl\":\"https:\/\/batiderm.fr\/wp-content\/uploads\/2025\/12\/Logo_BatidermIng_compact-1024x678.jpg\",\"datePublished\":\"2025-12-07T10:40:13+00:00\",\"dateModified\":\"2025-12-29T15:00:06+00:00\",\"breadcrumb\":{\"@id\":\"https:\/\/batiderm.fr\/index.php\/audits-energetiques-maisons-individuelles-en-bref\/#breadcrumb\"},\"inLanguage\":\"fr-FR\",\"potentialAction\":[{\"@type\":\"ReadAction\",\"target\":[\"https:\/\/batiderm.fr\/index.php\/audits-energetiques-maisons-individuelles-en-bref\/\"]}]},{\"@type\":\"ImageObject\",\"inLanguage\":\"fr-FR\",\"@id\":\"https:\/\/batiderm.fr\/index.php\/audits-energetiques-maisons-individuelles-en-bref\/#primaryimage\",\"url\":\"https:\/\/batiderm.fr\/wp-content\/uploads\/2025\/12\/Logo_BatidermIng_compact.jpg\",\"contentUrl\":\"https:\/\/batiderm.fr\/wp-content\/uploads\/2025\/12\/Logo_BatidermIng_compact.jpg\",\"width\":1354,\"height\":896},{\"@type\":\"BreadcrumbList\",\"@id\":\"https:\/\/batiderm.fr\/index.php\/audits-energetiques-maisons-individuelles-en-bref\/#breadcrumb\",\"itemListElement\":[{\"@type\":\"ListItem\",\"position\":1,\"name\":\"Accueil\",\"item\":\"https:\/\/batiderm.fr\/\"},{\"@type\":\"ListItem\",\"position\":2,\"name\":\"Audits \u00e9nerg\u00e9tiques &#8211; Maisons individuelles-en-bref\"}]},{\"@type\":\"WebSite\",\"@id\":\"https:\/\/batiderm.fr\/#website\",\"url\":\"https:\/\/batiderm.fr\/\",\"name\":\"Batiderm\",\"description\":\"R\u00e9nover et r\u00e9habiliter, \u00e9conome et confortable\",\"publisher\":{\"@id\":\"https:\/\/batiderm.fr\/#organization\"},\"potentialAction\":[{\"@type\":\"SearchAction\",\"target\":{\"@type\":\"EntryPoint\",\"urlTemplate\":\"https:\/\/batiderm.fr\/?s={search_term_string}\"},\"query-input\":{\"@type\":\"PropertyValueSpecification\",\"valueRequired\":true,\"valueName\":\"search_term_string\"}}],\"inLanguage\":\"fr-FR\"},{\"@type\":\"Organization\",\"@id\":\"https:\/\/batiderm.fr\/#organization\",\"name\":\"Batiderm\",\"url\":\"https:\/\/batiderm.fr\/\",\"logo\":{\"@type\":\"ImageObject\",\"inLanguage\":\"fr-FR\",\"@id\":\"https:\/\/batiderm.fr\/#\/schema\/logo\/image\/\",\"url\":\"https:\/\/batiderm.fr\/wp-content\/uploads\/2025\/09\/Logo_BatidermIng_compact.jpg\",\"contentUrl\":\"https:\/\/batiderm.fr\/wp-content\/uploads\/2025\/09\/Logo_BatidermIng_compact.jpg\",\"width\":1354,\"height\":896,\"caption\":\"Batiderm\"},\"image\":{\"@id\":\"https:\/\/batiderm.fr\/#\/schema\/logo\/image\/\"},\"sameAs\":[\"https:\/\/www.facebook.com\/p\/Btiderm-Ingnierie-100063553359377\/\"]}]}<\/script>\n<!-- \/ Yoast SEO plugin. -->","yoast_head_json":{"title":"Audits \u00e9nerg\u00e9tiques - Maisons individuelles-en-bref - Batiderm","robots":{"index":"index","follow":"follow","max-snippet":"max-snippet:-1","max-image-preview":"max-image-preview:large","max-video-preview":"max-video-preview:-1"},"canonical":"https:\/\/batiderm.fr\/index.php\/audits-energetiques-maisons-individuelles-en-bref\/","og_locale":"fr_FR","og_type":"article","og_title":"Audits \u00e9nerg\u00e9tiques - Maisons individuelles-en-bref - Batiderm","og_description":"L&rsquo; Audit Energ\u00e9tique pour les maisons individuelles Des prestations qualitatives et\/ou quantitatives en fonction de votre besoin Qualitative Diagnostic \u00ab\u00a0Infra Rouge\u00a0\u00bb Options : Prix : 150 \u00e0 750 euros TTC suivant les options choisies Un diagnostic \u00e9nerg\u00e9tique vous permettra de mieux comprendre vos factures \u00e9nerg\u00e9tiques et d\u2019identifier les moyens \u00e0 mettre en \u0153uvre pour les [&hellip;]","og_url":"https:\/\/batiderm.fr\/index.php\/audits-energetiques-maisons-individuelles-en-bref\/","og_site_name":"Batiderm","article_publisher":"https:\/\/www.facebook.com\/p\/Btiderm-Ingnierie-100063553359377\/","article_modified_time":"2025-12-29T15:00:06+00:00","og_image":[{"width":1354,"height":896,"url":"https:\/\/batiderm.fr\/wp-content\/uploads\/2025\/12\/Logo_BatidermIng_compact.jpg","type":"image\/jpeg"}],"twitter_card":"summary_large_image","twitter_misc":{"Dur\u00e9e de lecture estim\u00e9e":"3 minutes"},"schema":{"@context":"https:\/\/schema.org","@graph":[{"@type":"WebPage","@id":"https:\/\/batiderm.fr\/index.php\/audits-energetiques-maisons-individuelles-en-bref\/","url":"https:\/\/batiderm.fr\/index.php\/audits-energetiques-maisons-individuelles-en-bref\/","name":"Audits \u00e9nerg\u00e9tiques - Maisons individuelles-en-bref - Batiderm","isPartOf":{"@id":"https:\/\/batiderm.fr\/#website"},"primaryImageOfPage":{"@id":"https:\/\/batiderm.fr\/index.php\/audits-energetiques-maisons-individuelles-en-bref\/#primaryimage"},"image":{"@id":"https:\/\/batiderm.fr\/index.php\/audits-energetiques-maisons-individuelles-en-bref\/#primaryimage"},"thumbnailUrl":"https:\/\/batiderm.fr\/wp-content\/uploads\/2025\/12\/Logo_BatidermIng_compact-1024x678.jpg","datePublished":"2025-12-07T10:40:13+00:00","dateModified":"2025-12-29T15:00:06+00:00","breadcrumb":{"@id":"https:\/\/batiderm.fr\/index.php\/audits-energetiques-maisons-individuelles-en-bref\/#breadcrumb"},"inLanguage":"fr-FR","potentialAction":[{"@type":"ReadAction","target":["https:\/\/batiderm.fr\/index.php\/audits-energetiques-maisons-individuelles-en-bref\/"]}]},{"@type":"ImageObject","inLanguage":"fr-FR","@id":"https:\/\/batiderm.fr\/index.php\/audits-energetiques-maisons-individuelles-en-bref\/#primaryimage","url":"https:\/\/batiderm.fr\/wp-content\/uploads\/2025\/12\/Logo_BatidermIng_compact.jpg","contentUrl":"https:\/\/batiderm.fr\/wp-content\/uploads\/2025\/12\/Logo_BatidermIng_compact.jpg","width":1354,"height":896},{"@type":"BreadcrumbList","@id":"https:\/\/batiderm.fr\/index.php\/audits-energetiques-maisons-individuelles-en-bref\/#breadcrumb","itemListElement":[{"@type":"ListItem","position":1,"name":"Accueil","item":"https:\/\/batiderm.fr\/"},{"@type":"ListItem","position":2,"name":"Audits \u00e9nerg\u00e9tiques &#8211; Maisons individuelles-en-bref"}]},{"@type":"WebSite","@id":"https:\/\/batiderm.fr\/#website","url":"https:\/\/batiderm.fr\/","name":"Batiderm","description":"R\u00e9nover et r\u00e9habiliter, \u00e9conome et confortable","publisher":{"@id":"https:\/\/batiderm.fr\/#organization"},"potentialAction":[{"@type":"SearchAction","target":{"@type":"EntryPoint","urlTemplate":"https:\/\/batiderm.fr\/?s={search_term_string}"},"query-input":{"@type":"PropertyValueSpecification","valueRequired":true,"valueName":"search_term_string"}}],"inLanguage":"fr-FR"},{"@type":"Organization","@id":"https:\/\/batiderm.fr\/#organization","name":"Batiderm","url":"https:\/\/batiderm.fr\/","logo":{"@type":"ImageObject","inLanguage":"fr-FR","@id":"https:\/\/batiderm.fr\/#\/schema\/logo\/image\/","url":"https:\/\/batiderm.fr\/wp-content\/uploads\/2025\/09\/Logo_BatidermIng_compact.jpg","contentUrl":"https:\/\/batiderm.fr\/wp-content\/uploads\/2025\/09\/Logo_BatidermIng_compact.jpg","width":1354,"height":896,"caption":"Batiderm"},"image":{"@id":"https:\/\/batiderm.fr\/#\/schema\/logo\/image\/"},"sameAs":["https:\/\/www.facebook.com\/p\/Btiderm-Ingnierie-100063553359377\/"]}]}},"_links":{"self":[{"href":"https:\/\/batiderm.fr\/index.php\/wp-json\/wp\/v2\/pages\/474","targetHints":{"allow":["GET"]}}],"collection":[{"href":"https:\/\/batiderm.fr\/index.php\/wp-json\/wp\/v2\/pages"}],"about":[{"href":"https:\/\/batiderm.fr\/index.php\/wp-json\/wp\/v2\/types\/page"}],"author":[{"embeddable":true,"href":"https:\/\/batiderm.fr\/index.php\/wp-json\/wp\/v2\/users\/1"}],"replies":[{"embeddable":true,"href":"https:\/\/batiderm.fr\/index.php\/wp-json\/wp\/v2\/comments?post=474"}],"version-history":[{"count":23,"href":"https:\/\/batiderm.fr\/index.php\/wp-json\/wp\/v2\/pages\/474\/revisions"}],"predecessor-version":[{"id":698,"href":"https:\/\/batiderm.fr\/index.php\/wp-json\/wp\/v2\/pages\/474\/revisions\/698"}],"wp:attachment":[{"href":"https:\/\/batiderm.fr\/index.php\/wp-json\/wp\/v2\/media?parent=474"}],"curies":[{"name":"wp","href":"https:\/\/api.w.org\/{rel}","templated":true}]}}